{"id":1513,"date":"2024-07-04T16:14:30","date_gmt":"2024-07-04T14:14:30","guid":{"rendered":"https:\/\/amafi.dev39.fr\/the-team\/"},"modified":"2026-03-05T09:05:47","modified_gmt":"2026-03-05T08:05:47","slug":"the-team","status":"publish","type":"page","link":"https:\/\/www.amafi.fr\/en\/the-team\/","title":{"rendered":"The team"},"content":{"rendered":"\n<div class=\"wp-block-group triangle-top-bottom green | mb-5 has-base-background-color has-background is-layout-constrained wp-container-core-group-is-layout-f4da4e50 wp-block-group-is-layout-constrained\" style=\"padding-top:var(--wp--preset--spacing--spacing-5);padding-right:0;padding-bottom:var(--wp--preset--spacing--spacing-5);padding-left:0\">\n<div class=\"wp-block-columns is-layout-flex wp-container-core-columns-is-layout-e0e4babd wp-block-columns-is-layout-flex\" style=\"padding-right:0;padding-left:0\">\n<div class=\"wp-block-column is-vertically-aligned-center is-layout-flow wp-container-core-column-is-layout-a77db08e wp-block-column-is-layout-flow\" style=\"flex-basis:20%\">\n<figure class=\"wp-block-image aligncenter size-thumbnail\"><img loading=\"lazy\" decoding=\"async\" width=\"150\" height=\"150\" src=\"https:\/\/www.amafi.fr\/wp-content\/uploads\/2024\/06\/visuel-equipe-150x150.jpg\" alt=\"\" class=\"wp-image-619\" srcset=\"https:\/\/www.amafi.fr\/wp-content\/uploads\/2024\/06\/visuel-equipe-150x150.jpg 150w, https:\/\/www.amafi.fr\/wp-content\/uploads\/2024\/06\/visuel-equipe.jpg 233w\" sizes=\"auto, (max-width: 150px) 100vw, 150px\" \/><\/figure>\n<\/div>\n\n\n\n<div class=\"wp-block-column is-layout-flow wp-container-core-column-is-layout-a77db08e wp-block-column-is-layout-flow\">\n<h3 class=\"wp-block-heading h3\"><strong>AMAFI\u2019s activities are managed by a full-time staff divided into nine divisions.<\/strong><\/h3>\n\n\n\n<p class=\"has-medium-font-size\">AMAFI operates out of its Paris and Brussels offices.<\/p>\n<\/div>\n<\/div>\n<\/div>\n\n\n<div id=\"block_staff-block_6959efc6f5e5324281644c44d070d2c2\" class=\"block_staff grid-wide\">\n        <div class=\"staff-container\">\n                                    <div class=\"staff-category | mb-5\">\n                    <h2 class=\"categorie-name | mb-4\">General Management<\/h2>\n                    <div class=\"staff-members | d-flex flex-wrap flex-lg-nowrap gap-5\">\n                                                    <div class=\"staff-member\">\n                                <!-- <figure class=\"staff-thumbnail | wp-block-image\"> -->\n                                    <!--  -->\n                                <!-- <\/figure> -->\n                                <h3 class=\"m-0\">St\u00e9phanie Hubert<\/h3>\n                                <p class=\"m-0\">Chief Executive<\/p>\n                                                                <a href=\"mailto:shubert@amafi.fr\">shubert@amafi.fr<\/a>\n                            <\/div>\n                                            <\/div>\n                <\/div>\n                                                <div class=\"staff-category | mb-5\">\n                    <h2 class=\"categorie-name | mb-4\">General Secretariat<\/h2>\n                    <div class=\"staff-members | d-flex flex-wrap flex-lg-nowrap gap-5\">\n                                                    <div class=\"staff-member\">\n                                <!-- <figure class=\"staff-thumbnail | wp-block-image\"> -->\n                                    <!--  -->\n                                <!-- <\/figure> -->\n                                <h3 class=\"m-0\">Alexandra Lemay-Coulon<\/h3>\n                                <p class=\"m-0\">Secretary General &#8211; Director of Social Affairs <\/p>\n                                                                <a href=\"mailto:alemaycoulon@amafi.fr\">alemaycoulon@amafi.fr<\/a>\n                            <\/div>\n                                            <\/div>\n                <\/div>\n                                                <div class=\"staff-category | mb-5\">\n                    <h2 class=\"categorie-name | mb-4\">European &amp; International Affairs<\/h2>\n                    <div class=\"staff-members | d-flex flex-wrap flex-lg-nowrap gap-5\">\n                                                    <div class=\"staff-member\">\n                                <!-- <figure class=\"staff-thumbnail | wp-block-image\"> -->\n                                    <!--  -->\n                                <!-- <\/figure> -->\n                                <h3 class=\"m-0\">Arnaud Eard<\/h3>\n                                <p class=\"m-0\">Director, European and International Affairs<\/p>\n                                                                <a href=\"mailto:aeard@amafi.fr\">aeard@amafi.fr<\/a>\n                            <\/div>\n                                            <\/div>\n                <\/div>\n                                                <div class=\"staff-category | mb-5\">\n                    <h2 class=\"categorie-name | mb-4\">Market Activities<\/h2>\n                    <div class=\"staff-members | d-flex flex-wrap flex-lg-nowrap gap-5\">\n                                                    <div class=\"staff-member\">\n                                <!-- <figure class=\"staff-thumbnail | wp-block-image\"> -->\n                                    <!--  -->\n                                <!-- <\/figure> -->\n                                <h3 class=\"m-0\">Mathieu Jacolin<\/h3>\n                                <p class=\"m-0\">Director of Market Activities<\/p>\n                                                                <a href=\"mailto:mjacolin@amafi.fr\">mjacolin@amafi.fr<\/a>\n                            <\/div>\n                                                    <div class=\"staff-member\">\n                                <!-- <figure class=\"staff-thumbnail | wp-block-image\"> -->\n                                    <!--  -->\n                                <!-- <\/figure> -->\n                                <h3 class=\"m-0\">L\u00e9opold B\u00e9r\u00e9zay<\/h3>\n                                <p class=\"m-0\">Market Activities Advisor<\/p>\n                                                                <a href=\"mailto:lberezay@amafi.fr\">lberezay@amafi.fr<\/a>\n                            <\/div>\n                                            <\/div>\n                <\/div>\n                                                <div class=\"staff-category | mb-5\">\n                    <h2 class=\"categorie-name | mb-4\">Compliance<\/h2>\n                    <div class=\"staff-members | d-flex flex-wrap flex-lg-nowrap gap-5\">\n                                                    <div class=\"staff-member\">\n                                <!-- <figure class=\"staff-thumbnail | wp-block-image\"> -->\n                                    <!--  -->\n                                <!-- <\/figure> -->\n                                <h3 class=\"m-0\">Catherine Balen\u00e7on<\/h3>\n                                <p class=\"m-0\">Compliance Director<\/p>\n                                                                <a href=\"mailto:cbalencon@amafi.fr\">cbalencon@amafi.fr<\/a>\n                            <\/div>\n                                                    <div class=\"staff-member\">\n                                <!-- <figure class=\"staff-thumbnail | wp-block-image\"> -->\n                                    <!--  -->\n                                <!-- <\/figure> -->\n                                <h3 class=\"m-0\">Julie Dugourgeot<\/h3>\n                                <p class=\"m-0\">Compliance Advisor &#8211; Financial Crime Manager<\/p>\n                                                                <a href=\"mailto:jdugourgeot@amafi.fr\">jdugourgeot@amafi.fr<\/a>\n                            <\/div>\n                                                    <div class=\"staff-member\">\n                                <!-- <figure class=\"staff-thumbnail | wp-block-image\"> -->\n                                    <!--  -->\n                                <!-- <\/figure> -->\n                                <h3 class=\"m-0\">Yannick Chassort<\/h3>\n                                <p class=\"m-0\">Compliance Advisor<\/p>\n                                                                <a href=\"mailto:ychassort@amafi.fr\">ychassort@amafi.fr<\/a>\n                            <\/div>\n                                            <\/div>\n                <\/div>\n                                                <div class=\"staff-category | mb-5\">\n                    <h2 class=\"categorie-name | mb-4\">Legal<\/h2>\n                    <div class=\"staff-members | d-flex flex-wrap flex-lg-nowrap gap-5\">\n                                                    <div class=\"staff-member\">\n                                <!-- <figure class=\"staff-thumbnail | wp-block-image\"> -->\n                                    <!--  -->\n                                <!-- <\/figure> -->\n                                <h3 class=\"m-0\">Thiebald Cremers<\/h3>\n                                <p class=\"m-0\">Director of Legal Affairs<\/p>\n                                                                <a href=\"mailto:blinath@amafi.fr\">blinath@amafi.fr<\/a>\n                            <\/div>\n                                                    <div class=\"staff-member\">\n                                <!-- <figure class=\"staff-thumbnail | wp-block-image\"> -->\n                                    <!--  -->\n                                <!-- <\/figure> -->\n                                <h3 class=\"m-0\">L\u00e9a Moukah<\/h3>\n                                <p class=\"m-0\">Legal Advisor<\/p>\n                                                                <a href=\"mailto:lmoukah@amafi.fr\">lmoukah@amafi.fr<\/a>\n                            <\/div>\n                                            <\/div>\n                <\/div>\n                                                <div class=\"staff-category | mb-5\">\n                    <h2 class=\"categorie-name | mb-4\">Sustainable finance<\/h2>\n                    <div class=\"staff-members | d-flex flex-wrap flex-lg-nowrap gap-5\">\n                                                    <div class=\"staff-member\">\n                                <!-- <figure class=\"staff-thumbnail | wp-block-image\"> -->\n                                    <!--  -->\n                                <!-- <\/figure> -->\n                                <h3 class=\"m-0\">Ambra Moschini<\/h3>\n                                <p class=\"m-0\">Sustainable Finance and Prudential Manager<\/p>\n                                                                <a href=\"mailto:amoschini@amafi.fr\">amoschini@amafi.fr<\/a>\n                            <\/div>\n                                            <\/div>\n                <\/div>\n                                                <div class=\"staff-category | mb-5\">\n                    <h2 class=\"categorie-name | mb-4\">Tax<\/h2>\n                    <div class=\"staff-members | d-flex flex-wrap flex-lg-nowrap gap-5\">\n                                                    <div class=\"staff-member\">\n                                <!-- <figure class=\"staff-thumbnail | wp-block-image\"> -->\n                                    <!--  -->\n                                <!-- <\/figure> -->\n                                <h3 class=\"m-0\">M\u00e9lanie Herbodeau-Brachet<\/h3>\n                                <p class=\"m-0\">Director of Tax Affairs <\/p>\n                                                                <a href=\"mailto:mherbodeaubrachet@amafi.fr\">mherbodeaubrachet@amafi.fr<\/a>\n                            <\/div>\n                                            <\/div>\n                <\/div>\n                                                <div class=\"staff-category | mb-5\">\n                    <h2 class=\"categorie-name | mb-4\">Social Affairs<\/h2>\n                    <div class=\"staff-members | d-flex flex-wrap flex-lg-nowrap gap-5\">\n                                                    <div class=\"staff-member\">\n                                <!-- <figure class=\"staff-thumbnail | wp-block-image\"> -->\n                                    <!--  -->\n                                <!-- <\/figure> -->\n                                <h3 class=\"m-0\">Alexandra Lemay-Coulon<\/h3>\n                                <p class=\"m-0\">Secretary General &#8211; Director of Social Affairs <\/p>\n                                                                <a href=\"mailto:alemaycoulon@amafi.fr\">alemaycoulon@amafi.fr<\/a>\n                            <\/div>\n                                                    <div class=\"staff-member\">\n                                <!-- <figure class=\"staff-thumbnail | wp-block-image\"> -->\n                                    <!--  -->\n                                <!-- <\/figure> -->\n                                <h3 class=\"m-0\">Fabien Brouez<\/h3>\n                                <p class=\"m-0\">Social Affairs and Training Advisor<\/p>\n                                                                <a href=\"mailto:fbrouez@amafi.fr\">fbrouez@amafi.fr<\/a>\n                            <\/div>\n                                            <\/div>\n                <\/div>\n                                                <div class=\"staff-category | mb-5\">\n                    <h2 class=\"categorie-name | mb-4\">Communication &amp; Member Relations<\/h2>\n                    <div class=\"staff-members | d-flex flex-wrap flex-lg-nowrap gap-5\">\n                                                    <div class=\"staff-member\">\n                                <!-- <figure class=\"staff-thumbnail | wp-block-image\"> -->\n                                    <!--  -->\n                                <!-- <\/figure> -->\n                                <h3 class=\"m-0\">Philippe Bouyoux<\/h3>\n                                <p class=\"m-0\">Director of Communication and Member Relations<\/p>\n                                                                <a href=\"mailto:pbouyoux@amafi.fr\">pbouyoux@amafi.fr<\/a>\n                            <\/div>\n                                            <\/div>\n                <\/div>\n                                                <div class=\"staff-category | mb-5\">\n                    <h2 class=\"categorie-name | mb-4\">Secretariat<\/h2>\n                    <div class=\"staff-members | d-flex flex-wrap flex-lg-nowrap gap-5\">\n                                                    <div class=\"staff-member\">\n                                <!-- <figure class=\"staff-thumbnail | wp-block-image\"> -->\n                                    <!--  -->\n                                <!-- <\/figure> -->\n                                <h3 class=\"m-0\">Corinne Chassagne<\/h3>\n                                <p class=\"m-0\">Assistant<\/p>\n                                                                    <p class=\"m-0\">Chairman&#039;s Office and General Management &#8211; Social Affairs<\/p>\n                                                                <a href=\"mailto:cchassagne@amafi.fr\">cchassagne@amafi.fr<\/a>\n                            <\/div>\n                                                    <div class=\"staff-member\">\n                                <!-- <figure class=\"staff-thumbnail | wp-block-image\"> -->\n                                    <!--  -->\n                                <!-- <\/figure> -->\n                                <h3 class=\"m-0\">Karine Canipel<\/h3>\n                                <p class=\"m-0\">Secretary<\/p>\n                                                                <a href=\"mailto:kcanipel@amafi.fr\">kcanipel@amafi.fr<\/a>\n                            <\/div>\n                                            <\/div>\n                <\/div>\n                        <\/div>\n<\/div>    \n\n\n<figure class=\"wp-block-image alignfull size-large paris-img\"><img loading=\"lazy\" decoding=\"async\" width=\"1024\" height=\"316\" src=\"https:\/\/www.amafi.fr\/wp-content\/uploads\/2024\/07\/paris-1024x316.webp\" alt=\"\" class=\"wp-image-1021\" srcset=\"https:\/\/www.amafi.fr\/wp-content\/uploads\/2024\/07\/paris-1024x316.webp 1024w, https:\/\/www.amafi.fr\/wp-content\/uploads\/2024\/07\/paris-300x92.webp 300w, https:\/\/www.amafi.fr\/wp-content\/uploads\/2024\/07\/paris-768x237.webp 768w, https:\/\/www.amafi.fr\/wp-content\/uploads\/2024\/07\/paris-1536x474.webp 1536w, https:\/\/www.amafi.fr\/wp-content\/uploads\/2024\/07\/paris-2048x631.webp 2048w\" sizes=\"auto, (max-width: 1024px) 100vw, 1024px\" \/><\/figure>\n","protected":false},"excerpt":{"rendered":"<p>AMAFI\u2019s activities are managed by a full-time staff divided into [&hellip;]<\/p>\n","protected":false},"author":6,"featured_media":0,"parent":0,"menu_order":0,"comment_status":"closed","ping_status":"closed","template":"","meta":{"_acf_changed":false,"_searchwp_excluded":"","footnotes":""},"class_list":["post-1513","page","type-page","status-publish","hentry"],"acf":[],"_links":{"self":[{"href":"https:\/\/www.amafi.fr\/en\/wp-json\/wp\/v2\/pages\/1513","targetHints":{"allow":["GET"]}}],"collection":[{"href":"https:\/\/www.amafi.fr\/en\/wp-json\/wp\/v2\/pages"}],"about":[{"href":"https:\/\/www.amafi.fr\/en\/wp-json\/wp\/v2\/types\/page"}],"author":[{"embeddable":true,"href":"https:\/\/www.amafi.fr\/en\/wp-json\/wp\/v2\/users\/6"}],"replies":[{"embeddable":true,"href":"https:\/\/www.amafi.fr\/en\/wp-json\/wp\/v2\/comments?post=1513"}],"version-history":[{"count":5,"href":"https:\/\/www.amafi.fr\/en\/wp-json\/wp\/v2\/pages\/1513\/revisions"}],"predecessor-version":[{"id":18327,"href":"https:\/\/www.amafi.fr\/en\/wp-json\/wp\/v2\/pages\/1513\/revisions\/18327"}],"wp:attachment":[{"href":"https:\/\/www.amafi.fr\/en\/wp-json\/wp\/v2\/media?parent=1513"}],"curies":[{"name":"wp","href":"https:\/\/api.w.org\/{rel}","templated":true}]}}